{"id":1384,"date":"2025-07-03T11:20:44","date_gmt":"2025-07-03T16:20:44","guid":{"rendered":"https:\/\/munisanroman.gob.pe\/web\/?page_id=1384"},"modified":"2026-04-28T11:06:06","modified_gmt":"2026-04-28T16:06:06","slug":"pdu-plan-de-desarrollo-urbano-juliaca","status":"publish","type":"page","link":"https:\/\/munisanroman.gob.pe\/web\/pdu-plan-de-desarrollo-urbano-juliaca\/","title":{"rendered":"PDU &#8211; Plan de Desarrollo Urbano Juliaca"},"content":{"rendered":"<div style=\"margin-top: 0px; margin-bottom: 0px;\" class=\"sharethis-inline-share-buttons\" ><\/div>\t\t<div data-elementor-type=\"wp-page\" data-elementor-id=\"1384\" class=\"elementor elementor-1384\">\n\t\t\t\t\t\t<section class=\"elementor-section elementor-top-section elementor-element elementor-element-018159b dsvy-bg-image-over-color elementor-section-full_width dsvy-col-stretched-none elementor-section-height-default elementor-section-height-default\" data-id=\"018159b\" data-element_type=\"section\" data-e-type=\"section\">\n\t\t\t\t\t\t<div class=\"elementor-container elementor-column-gap-default\">\n\t\t\t\t\t<div class=\"elementor-column elementor-col-100 elementor-top-column elementor-element elementor-element-bb80588 dsvy-bg-color-over-image\" data-id=\"bb80588\" data-element_type=\"column\" data-e-type=\"column\">\n\t\t\t<div class=\"elementor-widget-wrap elementor-element-populated\">\n\t\t\t\t\t\t<div class=\"elementor-element elementor-element-35a724f elementor-invisible elementor-widget elementor-widget-image\" data-id=\"35a724f\" data-element_type=\"widget\" data-e-type=\"widget\" data-settings=\"{&quot;_animation&quot;:&quot;slideInDown&quot;}\" data-widget_type=\"image.default\">\n\t\t\t\t<div class=\"elementor-widget-container\">\n\t\t\t\t\t\t\t\t\t\t\t\t\t\t\t<img fetchpriority=\"high\" decoding=\"async\" width=\"1187\" height=\"290\" src=\"https:\/\/munisanroman.gob.pe\/web\/wp-content\/uploads\/2025\/07\/pdu-juliaca.png\" class=\"attachment-2048x2048 size-2048x2048 wp-image-1393\" alt=\"\" srcset=\"https:\/\/munisanroman.gob.pe\/web\/wp-content\/uploads\/2025\/07\/pdu-juliaca.png 1187w, https:\/\/munisanroman.gob.pe\/web\/wp-content\/uploads\/2025\/07\/pdu-juliaca-300x73.png 300w, https:\/\/munisanroman.gob.pe\/web\/wp-content\/uploads\/2025\/07\/pdu-juliaca-1024x250.png 1024w, https:\/\/munisanroman.gob.pe\/web\/wp-content\/uploads\/2025\/07\/pdu-juliaca-768x188.png 768w, https:\/\/munisanroman.gob.pe\/web\/wp-content\/uploads\/2025\/07\/pdu-juliaca-770x188.png 770w\" sizes=\"(max-width: 1187px) 100vw, 1187px\" \/>\t\t\t\t\t\t\t\t\t\t\t\t\t\t\t<\/div>\n\t\t\t\t<\/div>\n\t\t\t\t\t<\/div>\n\t\t<\/div>\n\t\t\t\t\t<\/div>\n\t\t<\/section>\n\t\t\t\t<section class=\"elementor-section elementor-top-section elementor-element elementor-element-1d8ce40 dsvy-col-stretched-none dsvy-bg-color-over-image elementor-section-boxed elementor-section-height-default elementor-section-height-default\" data-id=\"1d8ce40\" data-element_type=\"section\" data-e-type=\"section\">\n\t\t\t\t\t\t<div class=\"elementor-container elementor-column-gap-default\">\n\t\t\t\t\t<div class=\"elementor-column elementor-col-66 elementor-top-column elementor-element elementor-element-e627f24 dsvy-bg-color-over-image\" data-id=\"e627f24\" data-element_type=\"column\" data-e-type=\"column\">\n\t\t\t<div class=\"elementor-widget-wrap elementor-element-populated\">\n\t\t\t\t\t\t<div class=\"elementor-element elementor-element-20a645a elementor-invisible elementor-widget elementor-widget-text-editor\" data-id=\"20a645a\" data-element_type=\"widget\" data-e-type=\"widget\" data-settings=\"{&quot;_animation&quot;:&quot;slideInUp&quot;}\" data-widget_type=\"text-editor.default\">\n\t\t\t\t<div class=\"elementor-widget-container\">\n\t\t\t\t\t\t\t\t\t<p class=\"MsoNormal\" style=\"text-align: justify;\"><span style=\"font-size: 12pt;\">El Plan de Desarrollo Urbano de la ciudad de Juliaca entr\u00f3 a la Etapa de Exhibici\u00f3n y Consulta P\u00fablica. Esta es tu oportunidad de conocer de cerca la propuesta para la gesti\u00f3n urbana de nuestra ciudad.<\/span><\/p><p class=\"MsoNormal\" style=\"text-align: justify;\"><span style=\"font-size: 12pt; letter-spacing: 0px;\">Ingresa, revisa <\/span><span style=\"font-size: 12pt;\">los documentos, los mapas y el visor, luego llena el formulario para hacer llegar tus comentarios y sugerencias. Tambi\u00e9n lo puedes hacer desde el visor.\u00a0<\/span><\/p><p><strong>Cronograma de la Consulta P\u00fablica:<\/strong><\/p><p><strong>Exhibici\u00f3n P\u00fablica:<\/strong> Del 27 de febrero al 28 de marzo del 2026<br \/><strong>Audiencias P\u00fablicas:<\/strong> Del 23 al 25 de marzo del 2026<br \/><strong>Absoluci\u00f3n de consultas:<\/strong> Del 29 marzo al\u00a0 12 de abril del 2026<\/p><p><strong>Ampliaci\u00f3n de Consulta P\u00fablica:<\/strong> hasta el viernes 17 de abril del 2026.<br \/><strong>Ampliaci\u00f3n de Absoluci\u00f3n de Consultas:<\/strong> Del 18 de abril al 08 de mayo del 2026.<\/p><p><strong>Matriz de Respuestas a Expedientes Ingresados Antes del Proceso de Consulta P\u00fablica<\/strong><br \/><strong><a href=\"https:\/\/drive.google.com\/drive\/folders\/1uzuGR_z3_lmo3pt3l6e0pXM-8QTAVW1y\">https:\/\/drive.google.com\/drive\/folders\/1uzuGR_z3_lmo3pt3l6e0pXM-8QTAVW1y<\/a><\/strong><\/p><p><strong>Enlace drive:<br \/><a href=\"https:\/\/drive.google.com\/drive\/folders\/1B6_OSv5howl0AbdSpwguHrhTDCiUikjP?usp=sharing\">https:\/\/drive.google.com\/drive\/folders\/1B6_OSv5howl0AbdSpwguHrhTDCiUikjP?usp=sharing<\/a><br \/><\/strong><\/p><p><strong>Contenido de la Consulta P\u00fablica<\/strong><\/p><ul><li><a href=\"https:\/\/munisanroman.gob.pe\/web\/formulario-de-consultas-pdu\/\"><strong><u>Formulario de Participaci\u00f3n Ciudadana Efectiva.<\/u><\/strong><\/a><\/li><li><a href=\"https:\/\/munisanroman.gob.pe\/web\/pdu-lineamientos-generales\"><strong><u>Documento Plan de Desarrollo Urbano de la Ciudad de Juliaca 2026-2035<\/u><\/strong><\/a><ul><li><a href=\"https:\/\/drive.google.com\/drive\/folders\/1pjiASMH0L5YUrmX0WCq1PHmXrCPc-PdO?usp=drive_link\">Diagn\u00f3stico: documento, mapas y planos.<\/a><\/li><li><a href=\"https:\/\/drive.google.com\/drive\/folders\/1dstrxBZcHYYReSYocZRbA6pUI-ZyKIMh?usp=drive_link\">Propuestas general: documento, mapas y planos<\/a>.<\/li><li><a href=\"https:\/\/drive.google.com\/drive\/folders\/1XwM1WBHOOSNLC9Yoz1QEiL7X5QI7FrJJ?usp=drive_link\">Propuestas espec\u00edficas: documento, mapas y planos.<\/a><\/li><\/ul><\/li><li><a href=\"https:\/\/experience.arcgis.com\/experience\/aace539dbcd84c6ab967ac2d0f33e3f0\/page\/P%C3%A1gina?draft=true\"><strong><u>Visor de zonificaci\u00f3n<\/u><\/strong><\/a><\/li><\/ul>\t\t\t\t\t\t\t\t<\/div>\n\t\t\t\t<\/div>\n\t\t\t\t\t<\/div>\n\t\t<\/div>\n\t\t\t\t<div class=\"elementor-column elementor-col-33 elementor-top-column elementor-element elementor-element-09edf12 dsvy-bg-color-over-image\" data-id=\"09edf12\" data-element_type=\"column\" data-e-type=\"column\" data-settings=\"{&quot;background_background&quot;:&quot;classic&quot;}\">\n\t\t\t<div class=\"elementor-widget-wrap elementor-element-populated\">\n\t\t\t\t\t\t<div class=\"elementor-element elementor-element-dcb4625 elementor-widget elementor-widget-html\" data-id=\"dcb4625\" data-element_type=\"widget\" data-e-type=\"widget\" data-widget_type=\"html.default\">\n\t\t\t\t<div class=\"elementor-widget-container\">\n\t\t\t\t\t<iframe title=\"YouTube video player\" src=\"https:\/\/www.youtube.com\/embed\/sGk-3e84vQc?si=UBFaekQgLdpfuTrU\" width=\"560\" height=\"315\" frameborder=\"0\" allowfullscreen=\"allowfullscreen\"><\/iframe>\t\t\t\t<\/div>\n\t\t\t\t<\/div>\n\t\t\t\t\t<\/div>\n\t\t<\/div>\n\t\t\t\t\t<\/div>\n\t\t<\/section>\n\t\t\t\t<section class=\"elementor-section elementor-top-section elementor-element elementor-element-2dd9984 dsvy-col-stretched-none dsvy-bg-color-over-image elementor-section-boxed elementor-section-height-default elementor-section-height-default\" data-id=\"2dd9984\" data-element_type=\"section\" data-e-type=\"section\">\n\t\t\t\t\t\t<div class=\"elementor-container elementor-column-gap-default\">\n\t\t\t\t\t<div class=\"elementor-column elementor-col-66 elementor-top-column elementor-element elementor-element-5de7a27 dsvy-bg-color-over-image\" data-id=\"5de7a27\" data-element_type=\"column\" data-e-type=\"column\">\n\t\t\t<div class=\"elementor-widget-wrap elementor-element-populated\">\n\t\t\t\t\t\t<div class=\"elementor-element elementor-element-5fb1c15 elementor-invisible elementor-widget elementor-widget-accordion\" data-id=\"5fb1c15\" data-element_type=\"widget\" data-e-type=\"widget\" data-settings=\"{&quot;_animation&quot;:&quot;slideInLeft&quot;}\" data-widget_type=\"accordion.default\">\n\t\t\t\t<div class=\"elementor-widget-container\">\n\t\t\t\t\t\t\t<div class=\"elementor-accordion\">\n\t\t\t\t\t\t\t<div class=\"elementor-accordion-item\">\n\t\t\t\t\t<div id=\"elementor-tab-title-1001\" class=\"elementor-tab-title\" data-tab=\"1\" role=\"button\" aria-controls=\"elementor-tab-content-1001\" aria-expanded=\"false\">\n\t\t\t\t\t\t\t\t\t\t\t\t\t<span class=\"elementor-accordion-icon elementor-accordion-icon-left\" aria-hidden=\"true\">\n\t\t\t\t\t\t\t\t\t\t\t\t\t\t\t<span class=\"elementor-accordion-icon-closed\"><i class=\"fas fa-plus\"><\/i><\/span>\n\t\t\t\t\t\t\t\t<span class=\"elementor-accordion-icon-opened\"><i class=\"fas fa-minus\"><\/i><\/span>\n\t\t\t\t\t\t\t\t\t\t\t\t\t\t<\/span>\n\t\t\t\t\t\t\t\t\t\t\t\t<a class=\"elementor-accordion-title\" tabindex=\"0\">\u00bfQU\u00c9 ES EL PLAN DE DESARROLLO URBANO DE JULIACA?<\/a>\n\t\t\t\t\t<\/div>\n\t\t\t\t\t<div id=\"elementor-tab-content-1001\" class=\"elementor-tab-content elementor-clearfix\" data-tab=\"1\" role=\"region\" aria-labelledby=\"elementor-tab-title-1001\"><p align=\"justify\">Es un instrumento de gesti\u00f3n interdistrital, que orienta y regula, el uso y ocupaci\u00f3n del suelo, los sistemas viales, los espacios p\u00fablicos para servicios como educaci\u00f3n, salud y recreaci\u00f3n, adem\u00e1s de asegurar el acceso a la vivienda digna, considerando las \u00e1reas protegidas y las zonas de riesgos.<\/p><p align=\"justify\">El PDU de Juliaca es una iniciativa de la Municipalidad Provincial de San Rom\u00e1n \u2013 Juliaca, formulado a trav\u00e9s de un convenio de cooperaci\u00f3n t\u00e9cnica con el Instituto Metropolitano de Planificaci\u00f3n &#8211; IMP, bajo los lineamientos de la Ley de Desarrollo Urbano Sostenible, Ley N.\u00ba 31313, aprobado el 2021 y la Reglamentaci\u00f3n de Acondicionamiento Territorial y Planificaci\u00f3n Urbana del Desarrollo Urbano Sostenible, Decreto Supremo N.\u00ba 012-2022-VIVIENDA, aprobado el 2022.<\/p><\/div>\n\t\t\t\t<\/div>\n\t\t\t\t\t\t\t<div class=\"elementor-accordion-item\">\n\t\t\t\t\t<div id=\"elementor-tab-title-1002\" class=\"elementor-tab-title\" data-tab=\"2\" role=\"button\" aria-controls=\"elementor-tab-content-1002\" aria-expanded=\"false\">\n\t\t\t\t\t\t\t\t\t\t\t\t\t<span class=\"elementor-accordion-icon elementor-accordion-icon-left\" aria-hidden=\"true\">\n\t\t\t\t\t\t\t\t\t\t\t\t\t\t\t<span class=\"elementor-accordion-icon-closed\"><i class=\"fas fa-plus\"><\/i><\/span>\n\t\t\t\t\t\t\t\t<span class=\"elementor-accordion-icon-opened\"><i class=\"fas fa-minus\"><\/i><\/span>\n\t\t\t\t\t\t\t\t\t\t\t\t\t\t<\/span>\n\t\t\t\t\t\t\t\t\t\t\t\t<a class=\"elementor-accordion-title\" tabindex=\"0\">\u00bfCU\u00c1L ES EL \u00c1REA DE INTERVENCI\u00d3N DEL PDU JULIACA?<\/a>\n\t\t\t\t\t<\/div>\n\t\t\t\t\t<div id=\"elementor-tab-content-1002\" class=\"elementor-tab-content elementor-clearfix\" data-tab=\"2\" role=\"region\" aria-labelledby=\"elementor-tab-title-1002\"><p align=\"justify\">Considerando los lineamientos de la Ley de Desarrollo Urbano Sostenible, Ley N.\u00ba 31313 y el Decreto Supremo N.\u00ba 012-2022-VIVIENDA, aprobado en el 2022, el PDU comprende la zona urbana de la provincia de San Rom\u00e1n que incluye a los distritos de Juliaca, San Miguel y Caracoto.<\/p><\/div>\n\t\t\t\t<\/div>\n\t\t\t\t\t\t\t<div class=\"elementor-accordion-item\">\n\t\t\t\t\t<div id=\"elementor-tab-title-1003\" class=\"elementor-tab-title\" data-tab=\"3\" role=\"button\" aria-controls=\"elementor-tab-content-1003\" aria-expanded=\"false\">\n\t\t\t\t\t\t\t\t\t\t\t\t\t<span class=\"elementor-accordion-icon elementor-accordion-icon-left\" aria-hidden=\"true\">\n\t\t\t\t\t\t\t\t\t\t\t\t\t\t\t<span class=\"elementor-accordion-icon-closed\"><i class=\"fas fa-plus\"><\/i><\/span>\n\t\t\t\t\t\t\t\t<span class=\"elementor-accordion-icon-opened\"><i class=\"fas fa-minus\"><\/i><\/span>\n\t\t\t\t\t\t\t\t\t\t\t\t\t\t<\/span>\n\t\t\t\t\t\t\t\t\t\t\t\t<a class=\"elementor-accordion-title\" tabindex=\"0\">\u00bfC\u00d3MO SE ELABORA EL PDU DE JULIACA?<\/a>\n\t\t\t\t\t<\/div>\n\t\t\t\t\t<div id=\"elementor-tab-content-1003\" class=\"elementor-tab-content elementor-clearfix\" data-tab=\"3\" role=\"region\" aria-labelledby=\"elementor-tab-title-1003\"><p align=\"justify\">Se elabora de manera participativa con las sugerencias y aportes de las instituciones p\u00fablicas, privadas y de la ciudadan\u00eda, a trav\u00e9s de las siguientes etapas:<\/p><p><img decoding=\"async\" class=\" wp-image-1499 aligncenter\" src=\"https:\/\/munisanroman.gob.pe\/web\/wp-content\/uploads\/2025\/07\/Linea-de-tiempo-300x80.png\" alt=\"\" width=\"642\" height=\"170\" srcset=\"https:\/\/munisanroman.gob.pe\/web\/wp-content\/uploads\/2025\/07\/Linea-de-tiempo-300x80.png 300w, https:\/\/munisanroman.gob.pe\/web\/wp-content\/uploads\/2025\/07\/Linea-de-tiempo-1024x273.png 1024w, https:\/\/munisanroman.gob.pe\/web\/wp-content\/uploads\/2025\/07\/Linea-de-tiempo-768x205.png 768w, https:\/\/munisanroman.gob.pe\/web\/wp-content\/uploads\/2025\/07\/Linea-de-tiempo-1536x410.png 1536w, https:\/\/munisanroman.gob.pe\/web\/wp-content\/uploads\/2025\/07\/Linea-de-tiempo-770x205.png 770w, https:\/\/munisanroman.gob.pe\/web\/wp-content\/uploads\/2025\/07\/Linea-de-tiempo.png 1627w\" sizes=\"(max-width: 642px) 100vw, 642px\" \/><\/p><\/div>\n\t\t\t\t<\/div>\n\t\t\t\t\t\t\t\t<\/div>\n\t\t\t\t\t\t<\/div>\n\t\t\t\t<\/div>\n\t\t\t\t\t<\/div>\n\t\t<\/div>\n\t\t\t\t<div class=\"elementor-column elementor-col-33 elementor-top-column elementor-element elementor-element-45a12b6 dsvy-bg-color-over-image\" data-id=\"45a12b6\" data-element_type=\"column\" data-e-type=\"column\" data-settings=\"{&quot;background_background&quot;:&quot;classic&quot;}\">\n\t\t\t<div class=\"elementor-widget-wrap elementor-element-populated\">\n\t\t\t\t\t\t<div class=\"elementor-element elementor-element-7ccbe81 elementor-invisible elementor-widget elementor-widget-heading\" data-id=\"7ccbe81\" data-element_type=\"widget\" data-e-type=\"widget\" data-settings=\"{&quot;_animation&quot;:&quot;slideInRight&quot;}\" data-widget_type=\"heading.default\">\n\t\t\t\t<div class=\"elementor-widget-container\">\n\t\t\t\t\t<h5 class=\"elementor-heading-title elementor-size-default\">\nConoce las Propuestas Elaboradas y has Llegar tus Consultas<\/h5>\t\t\t\t<\/div>\n\t\t\t\t<\/div>\n\t\t\t\t<div class=\"elementor-element elementor-element-8063e76 elementor-widget elementor-widget-image\" data-id=\"8063e76\" data-element_type=\"widget\" data-e-type=\"widget\" data-widget_type=\"image.default\">\n\t\t\t\t<div class=\"elementor-widget-container\">\n\t\t\t\t\t\t\t\t\t\t\t\t\t\t\t\t<a href=\"https:\/\/munisanroman.gob.pe\/web\/pdu-documentos-normativos\/\" target=\"_blank\">\n\t\t\t\t\t\t\t<img decoding=\"async\" width=\"336\" height=\"419\" src=\"https:\/\/munisanroman.gob.pe\/web\/wp-content\/uploads\/2025\/07\/Icono-documentos-normativos.png\" class=\"elementor-animation-pulse attachment-medium_large size-medium_large wp-image-1469\" alt=\"\" srcset=\"https:\/\/munisanroman.gob.pe\/web\/wp-content\/uploads\/2025\/07\/Icono-documentos-normativos.png 336w, https:\/\/munisanroman.gob.pe\/web\/wp-content\/uploads\/2025\/07\/Icono-documentos-normativos-241x300.png 241w\" sizes=\"(max-width: 336px) 100vw, 336px\" \/>\t\t\t\t\t\t\t\t<\/a>\n\t\t\t\t\t\t\t\t\t\t\t\t\t\t\t<\/div>\n\t\t\t\t<\/div>\n\t\t\t\t<div class=\"elementor-element elementor-element-4881372 elementor-widget elementor-widget-image\" data-id=\"4881372\" data-element_type=\"widget\" data-e-type=\"widget\" data-widget_type=\"image.default\">\n\t\t\t\t<div class=\"elementor-widget-container\">\n\t\t\t\t\t\t\t\t\t\t\t\t\t\t\t\t<a href=\"https:\/\/munisanroman.gob.pe\/web\/formulario-de-consultas-pdu\/\" target=\"_blank\">\n\t\t\t\t\t\t\t<img loading=\"lazy\" decoding=\"async\" width=\"336\" height=\"419\" src=\"https:\/\/munisanroman.gob.pe\/web\/wp-content\/uploads\/2025\/07\/Formulario-de-consultas.png\" class=\"elementor-animation-pulse attachment-medium_large size-medium_large wp-image-1481\" alt=\"\" srcset=\"https:\/\/munisanroman.gob.pe\/web\/wp-content\/uploads\/2025\/07\/Formulario-de-consultas.png 336w, https:\/\/munisanroman.gob.pe\/web\/wp-content\/uploads\/2025\/07\/Formulario-de-consultas-241x300.png 241w\" sizes=\"(max-width: 336px) 100vw, 336px\" \/>\t\t\t\t\t\t\t\t<\/a>\n\t\t\t\t\t\t\t\t\t\t\t\t\t\t\t<\/div>\n\t\t\t\t<\/div>\n\t\t\t\t<div class=\"elementor-element elementor-element-f527885 elementor-widget elementor-widget-image\" data-id=\"f527885\" data-element_type=\"widget\" data-e-type=\"widget\" data-widget_type=\"image.default\">\n\t\t\t\t<div class=\"elementor-widget-container\">\n\t\t\t\t\t\t\t\t\t\t\t\t\t\t\t\t<a href=\"https:\/\/munisanroman.gob.pe\/web\/pdu-lineamientos-generales\/\" target=\"_blank\">\n\t\t\t\t\t\t\t<img loading=\"lazy\" decoding=\"async\" width=\"336\" height=\"418\" src=\"https:\/\/munisanroman.gob.pe\/web\/wp-content\/uploads\/2025\/09\/Iconos_mod.png\" class=\"elementor-animation-pulse attachment-medium_large size-medium_large wp-image-1978\" alt=\"\" srcset=\"https:\/\/munisanroman.gob.pe\/web\/wp-content\/uploads\/2025\/09\/Iconos_mod.png 336w, https:\/\/munisanroman.gob.pe\/web\/wp-content\/uploads\/2025\/09\/Iconos_mod-241x300.png 241w\" sizes=\"(max-width: 336px) 100vw, 336px\" \/>\t\t\t\t\t\t\t\t<\/a>\n\t\t\t\t\t\t\t\t\t\t\t\t\t\t\t<\/div>\n\t\t\t\t<\/div>\n\t\t\t\t<div class=\"elementor-element elementor-element-5618fda elementor-widget elementor-widget-image\" data-id=\"5618fda\" data-element_type=\"widget\" data-e-type=\"widget\" data-widget_type=\"image.default\">\n\t\t\t\t<div class=\"elementor-widget-container\">\n\t\t\t\t\t\t\t\t\t\t\t\t\t\t\t\t<a href=\"https:\/\/experience.arcgis.com\/experience\/aace539dbcd84c6ab967ac2d0f33e3f0\/page\/P%C3%A1gina?draft=true\" target=\"_blank\">\n\t\t\t\t\t\t\t<img loading=\"lazy\" decoding=\"async\" width=\"336\" height=\"419\" src=\"https:\/\/munisanroman.gob.pe\/web\/wp-content\/uploads\/2025\/07\/icono-visor-de-mapas.png\" class=\"elementor-animation-pulse attachment-medium_large size-medium_large wp-image-1480\" alt=\"\" srcset=\"https:\/\/munisanroman.gob.pe\/web\/wp-content\/uploads\/2025\/07\/icono-visor-de-mapas.png 336w, https:\/\/munisanroman.gob.pe\/web\/wp-content\/uploads\/2025\/07\/icono-visor-de-mapas-241x300.png 241w\" sizes=\"(max-width: 336px) 100vw, 336px\" \/>\t\t\t\t\t\t\t\t<\/a>\n\t\t\t\t\t\t\t\t\t\t\t\t\t\t\t<\/div>\n\t\t\t\t<\/div>\n\t\t\t\t\t<\/div>\n\t\t<\/div>\n\t\t\t\t\t<\/div>\n\t\t<\/section>\n\t\t\t\t<section class=\"elementor-section elementor-top-section elementor-element elementor-element-fcb5765 dsvy-col-stretched-none dsvy-bg-color-over-image elementor-section-boxed elementor-section-height-default elementor-section-height-default elementor-invisible\" data-id=\"fcb5765\" data-element_type=\"section\" data-e-type=\"section\" data-settings=\"{&quot;animation&quot;:&quot;slideInUp&quot;}\">\n\t\t\t\t\t\t<div class=\"elementor-container elementor-column-gap-default\">\n\t\t\t\t\t<div class=\"elementor-column elementor-col-100 elementor-top-column elementor-element elementor-element-08398e6 dsvy-bg-color-over-image\" data-id=\"08398e6\" data-element_type=\"column\" data-e-type=\"column\">\n\t\t\t<div class=\"elementor-widget-wrap elementor-element-populated\">\n\t\t\t\t\t\t<div class=\"elementor-element elementor-element-5f1fcaa dsvy-align-center elementor-widget elementor-widget-dsvy_blog_element\" data-id=\"5f1fcaa\" data-element_type=\"widget\" data-e-type=\"widget\" data-widget_type=\"dsvy_blog_element.default\">\n\t\t\t\t<div class=\"elementor-widget-container\">\n\t\t\t\t\t\r\n\t\t<div class=\"designervily-element designervily-element-blog dsvy-element-blog-style-2 designervily-element-viewtype-row-column designervily-gap-15px dsvy-infinite-scroll-no dsvy-infinite-scroll-button-no\" data-cpt=\"blog\" data-totalpagination=\"3\" data-style=\"2\" data-show=\"3\" data-columns=\"3\" data-loop=\"false\" data-autoplay=\"false\" data-center=\"false\" data-nav=\"false\" data-dots=\"false\" data-autoplayspeed=\"1000\" data-margin=\"15px\"><div class=\"designervily-element-inner\"><div class=\"dsvy-infinite-scroll-data\">{\"cpt\":\"blog\",\"style\":\"2\",\"columns\":\"3\",\"show\":3,\"from_category\":[\"noticias-pdu\"],\"order\":\"DESC\",\"orderby\":\"DESC\"}<\/div>\t\t\t\t<div class=\"dsvy-ele-header-area\">\r\n\t\t\t\t\t\t<div class=\"dsvy-heading-subheading center-align \"><h2 class=\"dsvy-element-title\">\r\n\t\t\t\r\n\t\t\t\tNOTICIAS Y PR\u00d3XIMAS ACTIVIDADES\r\n\t\t\t\r\n\t\t\t<\/h2>\r\n\t\t<\/div>\r\n\t\t\t\t\t\t\t\t\t<\/div>\r\n\r\n\t\t\t<div class=\"dsvy-element-posts-wrapper row multi-columns-row\">\r\n\r\n\t\t\t<article class=\"dsvy-ele dsvy-ele-blog dsvy-blog-style-2 col-md-4 noticias noticias-pdu dsvy-odd dsvy-col-odd\"><div class=\"post-item\">\r\n\t<div class=\"dsvy-featured-container\">\t\t\r\n\t\t<div class=\"dsvy-featured-wrapper\"><a href=\"https:\/\/munisanroman.gob.pe\/web\/nota-de-prensa-juliaca-construye-de-forma-participativa-el-ordenamiento-comercial-para-su-plan-de-desarrollo-urbano\/\"><img loading=\"lazy\" decoding=\"async\" width=\"740\" height=\"450\" src=\"https:\/\/munisanroman.gob.pe\/web\/wp-content\/uploads\/2025\/10\/WhatsApp-Image-2025-10-13-at-15.58.06-740x450.jpeg\" class=\"attachment-dsvy-img-740x450 size-dsvy-img-740x450 wp-post-image\" alt=\"\" \/><\/a><\/div>\t\r\n\t\t<div class=\"dsvy-meta-date-wrapper\">\r\n\t\t<span><i class=\"dsvy-base-icon-calendar-1\"><\/i>13 octubre 2025<\/span> \t\t\t\t\t\r\n\t\t<\/div>\t\r\n\t<\/div>\r\n\t<div class=\"designervily-box-content\">\t\r\n\t\t<div class=\"dsvy-meta-container\">\r\n\r\n\t\t\t<div class=\"dsvy-meta-cat-wrapper dsvy-meta-line\">\t\t\t\t\t\r\n\t\t\t\t<div class=\"dsvy-meta-category\"><i class=\"dsvy-base-icon-bookmark\"><\/i> <a href=\"https:\/\/munisanroman.gob.pe\/web\/category\/noticias\/\" rel=\"category tag\">Noticias<\/a>, <a href=\"https:\/\/munisanroman.gob.pe\/web\/category\/noticias-pdu\/\" rel=\"category tag\">Noticias PDU<\/a><\/div>\t\r\n\t\t\t<\/div> \t\t\r\n\r\n\t\t\t<div class=\"dsvy-meta-author-wrapper dsvy-meta-line\">\t\t\t\t\t\r\n\t\t\t\t<a href=\"https:\/\/munisanroman.gob.pe\/web\/author\/pdu\/\"><i class=\"dsvy-base-icon-user-circle\"><\/i> by PDU Plan de Desarrollo Urbano<\/a>\r\n\t\t\t<\/div>\r\n\r\n\t\t\t\t\t<\/div>\r\n\r\n\t\t<h3 class=\"dsvy-post-title\"><a href=\"https:\/\/munisanroman.gob.pe\/web\/nota-de-prensa-juliaca-construye-de-forma-participativa-el-ordenamiento-comercial-para-su-plan-de-desarrollo-urbano\/\">Nota de Prensa: Juliaca construye de forma participativa el ordenamiento comercial para su Plan de Desarrollo Urbano<\/a><\/h3>\r\n\r\n\t\t<div class=\"designervily-box-desc\">\r\n\t\t\t&nbsp; La construcci\u00f3n participativa del Plan de Desarrollo Urbano (PDU) de Juliaca contin\u00faa avanzando a trav\u00e9s de sus Mesas de Trabajo. Este jueves 9, se convoc\u00f3&hellip;\t\t\r\n\t\t<\/div>\r\n\t<\/div>\r\n<\/div><\/article><article class=\"dsvy-ele dsvy-ele-blog dsvy-blog-style-2 col-md-4 noticias noticias-pdu dsvy-even dsvy-col-odd\"><div class=\"post-item\">\r\n\t<div class=\"dsvy-featured-container\">\t\t\r\n\t\t<div class=\"dsvy-featured-wrapper\"><a href=\"https:\/\/munisanroman.gob.pe\/web\/nota-de-prensa\/\"><img loading=\"lazy\" decoding=\"async\" width=\"740\" height=\"450\" src=\"https:\/\/munisanroman.gob.pe\/web\/wp-content\/uploads\/2025\/10\/WhatsApp-Image-2025-10-02-at-15.42.03-740x450.jpeg\" class=\"attachment-dsvy-img-740x450 size-dsvy-img-740x450 wp-post-image\" alt=\"\" \/><\/a><\/div>\t\r\n\t\t<div class=\"dsvy-meta-date-wrapper\">\r\n\t\t<span><i class=\"dsvy-base-icon-calendar-1\"><\/i>06 octubre 2025<\/span> \t\t\t\t\t\r\n\t\t<\/div>\t\r\n\t<\/div>\r\n\t<div class=\"designervily-box-content\">\t\r\n\t\t<div class=\"dsvy-meta-container\">\r\n\r\n\t\t\t<div class=\"dsvy-meta-cat-wrapper dsvy-meta-line\">\t\t\t\t\t\r\n\t\t\t\t<div class=\"dsvy-meta-category\"><i class=\"dsvy-base-icon-bookmark\"><\/i> <a href=\"https:\/\/munisanroman.gob.pe\/web\/category\/noticias\/\" rel=\"category tag\">Noticias<\/a>, <a href=\"https:\/\/munisanroman.gob.pe\/web\/category\/noticias-pdu\/\" rel=\"category tag\">Noticias PDU<\/a><\/div>\t\r\n\t\t\t<\/div> \t\t\r\n\r\n\t\t\t<div class=\"dsvy-meta-author-wrapper dsvy-meta-line\">\t\t\t\t\t\r\n\t\t\t\t<a href=\"https:\/\/munisanroman.gob.pe\/web\/author\/pdu\/\"><i class=\"dsvy-base-icon-user-circle\"><\/i> by PDU Plan de Desarrollo Urbano<\/a>\r\n\t\t\t<\/div>\r\n\r\n\t\t\t\t\t<\/div>\r\n\r\n\t\t<h3 class=\"dsvy-post-title\"><a href=\"https:\/\/munisanroman.gob.pe\/web\/nota-de-prensa\/\">NOTA DE PRENSA<\/a><\/h3>\r\n\r\n\t\t<div class=\"designervily-box-desc\">\r\n\t\t\t&nbsp; MASIVA PARTICIPACI\u00d3N CIUDADANA EN LOS TALLERES DE PROPUESTAS ESPEC\u00cdFICAS DEL PDU DE JULIACA M\u00e1s de 320 ciudadanos de diversos sectores de la provincia de San&hellip;\t\t\r\n\t\t<\/div>\r\n\t<\/div>\r\n<\/div><\/article><article class=\"dsvy-ele dsvy-ele-blog dsvy-blog-style-2 col-md-4 noticias-pdu dsvy-odd dsvy-col-odd\"><div class=\"post-item\">\r\n\t<div class=\"dsvy-featured-container\">\t\t\r\n\t\t<div class=\"dsvy-featured-wrapper\"><a href=\"https:\/\/munisanroman.gob.pe\/web\/propuestas-de-zonificacion-y-vias-en-talleres-participativos\/\"><img loading=\"lazy\" decoding=\"async\" width=\"740\" height=\"450\" src=\"https:\/\/munisanroman.gob.pe\/web\/wp-content\/uploads\/2025\/10\/556085888_820557357584407_2149955608260709948_n-740x450.jpg\" class=\"attachment-dsvy-img-740x450 size-dsvy-img-740x450 wp-post-image\" alt=\"\" \/><\/a><\/div>\t\r\n\t\t<div class=\"dsvy-meta-date-wrapper\">\r\n\t\t<span><i class=\"dsvy-base-icon-calendar-1\"><\/i>06 octubre 2025<\/span> \t\t\t\t\t\r\n\t\t<\/div>\t\r\n\t<\/div>\r\n\t<div class=\"designervily-box-content\">\t\r\n\t\t<div class=\"dsvy-meta-container\">\r\n\r\n\t\t\t<div class=\"dsvy-meta-cat-wrapper dsvy-meta-line\">\t\t\t\t\t\r\n\t\t\t\t<div class=\"dsvy-meta-category\"><i class=\"dsvy-base-icon-bookmark\"><\/i> <a href=\"https:\/\/munisanroman.gob.pe\/web\/category\/noticias-pdu\/\" rel=\"category tag\">Noticias PDU<\/a><\/div>\t\r\n\t\t\t<\/div> \t\t\r\n\r\n\t\t\t<div class=\"dsvy-meta-author-wrapper dsvy-meta-line\">\t\t\t\t\t\r\n\t\t\t\t<a href=\"https:\/\/munisanroman.gob.pe\/web\/author\/pdu\/\"><i class=\"dsvy-base-icon-user-circle\"><\/i> by PDU Plan de Desarrollo Urbano<\/a>\r\n\t\t\t<\/div>\r\n\r\n\t\t\t\t\t<\/div>\r\n\r\n\t\t<h3 class=\"dsvy-post-title\"><a href=\"https:\/\/munisanroman.gob.pe\/web\/propuestas-de-zonificacion-y-vias-en-talleres-participativos\/\">Propuestas de zonificaci\u00f3n y v\u00edas en talleres participativos<\/a><\/h3>\r\n\r\n\t\t<div class=\"designervily-box-desc\">\r\n\t\t\t&nbsp; Propuestas de zonificaci\u00f3n y v\u00edas en talleres participativos El 29 de septiembre se iniciaron los talleres participativos de \"Propuestas Espec\u00edficas\" del Plan de Desarrollo Urbano&hellip;\t\t\r\n\t\t<\/div>\r\n\t<\/div>\r\n<\/div><\/article>\r\n\t\t\t<\/div> <!-- .dsvy-element-posts-wrapper -->\r\n\r\n\t\t\t<div class=\"clearfix\"><\/div><div class=\"dsvy-pagination\"><div class=\"nav-links\"><span class=\"page-numbers current\">1<\/span>\n<a class=\"page-numbers\" href=\"https:\/\/munisanroman.gob.pe\/web\/wp-json\/wp\/v2\/pages\/1384\/page\/2\/\">2<\/a>\n<a class=\"page-numbers\" href=\"https:\/\/munisanroman.gob.pe\/web\/wp-json\/wp\/v2\/pages\/1384\/page\/3\/\">3<\/a>\n<a class=\"next page-numbers\" href=\"https:\/\/munisanroman.gob.pe\/web\/wp-json\/wp\/v2\/pages\/1384\/page\/2\/\"><i class=\"dsvy-base-icon-right-open\"><\/i><\/a><\/div><\/div><!-- .dsvy-pagination -->\r\n\t\t\r\n\t\t\r\n\t\t<\/div><!-- .designervily-element-inner -->   <\/div><!-- .designervily-element -->  \r\n\t    \t\t\t\t<\/div>\n\t\t\t\t<\/div>\n\t\t\t\t\t<\/div>\n\t\t<\/div>\n\t\t\t\t\t<\/div>\n\t\t<\/section>\n\t\t\t\t<\/div>\n\t\t","protected":false},"excerpt":{"rendered":"<p>El Plan de Desarrollo Urbano de la ciudad de Juliaca entr\u00f3 a la Etapa de Exhibici\u00f3n y Consulta P\u00fablica. Esta es tu oportunidad de conocer de cerca la propuesta para la gesti\u00f3n urbana de nuestra ciudad. Ingresa, revisa los documentos, los mapas y el visor, luego llena el formulario para hacer llegar tus comentarios y sugerencias. Tambi\u00e9n lo puedes hacer desde el visor.\u00a0 Cronograma de la Consulta P\u00fablica: Exhibici\u00f3n P\u00fablica:[&hellip;]<\/p>\n","protected":false},"author":2,"featured_media":0,"parent":0,"menu_order":0,"comment_status":"closed","ping_status":"closed","template":"elementor_header_footer","meta":{"_acf_changed":false,"footnotes":""},"class_list":["post-1384","page","type-page","status-publish","hentry"],"acf":[],"_links":{"self":[{"href":"https:\/\/munisanroman.gob.pe\/web\/wp-json\/wp\/v2\/pages\/1384","targetHints":{"allow":["GET"]}}],"collection":[{"href":"https:\/\/munisanroman.gob.pe\/web\/wp-json\/wp\/v2\/pages"}],"about":[{"href":"https:\/\/munisanroman.gob.pe\/web\/wp-json\/wp\/v2\/types\/page"}],"author":[{"embeddable":true,"href":"https:\/\/munisanroman.gob.pe\/web\/wp-json\/wp\/v2\/users\/2"}],"replies":[{"embeddable":true,"href":"https:\/\/munisanroman.gob.pe\/web\/wp-json\/wp\/v2\/comments?post=1384"}],"version-history":[{"count":285,"href":"https:\/\/munisanroman.gob.pe\/web\/wp-json\/wp\/v2\/pages\/1384\/revisions"}],"predecessor-version":[{"id":2515,"href":"https:\/\/munisanroman.gob.pe\/web\/wp-json\/wp\/v2\/pages\/1384\/revisions\/2515"}],"wp:attachment":[{"href":"https:\/\/munisanroman.gob.pe\/web\/wp-json\/wp\/v2\/media?parent=1384"}],"curies":[{"name":"wp","href":"https:\/\/api.w.org\/{rel}","templated":true}]}}